{"id":227,"date":"2025-10-01T03:40:41","date_gmt":"2025-10-01T02:40:41","guid":{"rendered":"https:\/\/acphcelvas.com\/?page_id=227"},"modified":"2025-10-01T14:06:25","modified_gmt":"2025-10-01T13:06:25","slug":"solidariedade","status":"publish","type":"page","link":"https:\/\/acphcelvas.com\/index.php\/solidariedade\/","title":{"rendered":"SOLIDARIEDADE"},"content":{"rendered":"\n<!-- ===================== SOLIDARIEDADE ===================== -->\n<div id=\"solidariedade\">\n\n  <!-- CARTAZ -->\n  <figure class=\"solid-poster\">\n    <img\n      src=\"https:\/\/acphcelvas.com\/wp-content\/uploads\/2025\/09\/Cartaz.png\"\n      alt=\"Campanha Solid\u00e1ria \u2014 N\u00e3o Deixes para Amanh\u00e3, Quem Podes Salvar Hoje!\"\n      loading=\"lazy\" decoding=\"async\"\n    >\n  <\/figure>\n\n  <!-- T\u00cdTULOS -->\n  <header class=\"solid-head\">\n    <h1>Solidariedade<\/h1>\n    <p class=\"sub\">\n      Campanha Solid\u00e1ria \u2014 <em>\u201cN\u00e3o Deixes para Amanh\u00e3, Quem Podes Salvar <span class=\"red\">Hoje!<\/span>\u201d<\/em>\n    <\/p>\n  <\/header>\n\n  <!-- CONTE\u00daDO -->\n  <section class=\"solid-body\">\n    <p>A <strong>Campanha Solid\u00e1ria<\/strong> da <strong>Associa\u00e7\u00e3o Cultural P\u00fablia Hort\u00eansia de Castro de Elvas (ACPHCE)<\/strong> decorreu em <strong>2024<\/strong> com o mote <em>\u201cN\u00e3o Deixes para Amanh\u00e3, Quem Podes Salvar <span class=\"red\">Hoje!<\/span>\u201d<\/em>, mobilizando a comunidade para a d\u00e1diva de sangue e a recolha de bens essenciais, humanos e animais.<\/p>\n\n    <p>Durante essa semana promovemos a <strong>d\u00e1diva de sangue<\/strong> em colabora\u00e7\u00e3o com o Hospital de Santa Luzia de Elvas e a Unidade Local de Sa\u00fade do Alto Alentejo. Tamb\u00e9m colabor\u00e1mos com o <strong>Banco Alimentar Contra a Fome \u2013 Polo de Elvas<\/strong>, recolhendo alimentos para fam\u00edlias carenciadas, e com a <strong>Associa\u00e7\u00e3o Amigos da Bicharada de Elvas<\/strong>, angariando produtos para os nossos amigos de quatro patas.<\/p>\n\n    <p>O sucesso desta campanha contou com a participa\u00e7\u00e3o de enfermeiros, m\u00e9dicos, utentes e volunt\u00e1rios de v\u00e1rias localidades: Estremoz, Campo Maior, Badajoz e M\u00e9rida (Espanha). Recebemos ainda cabazes da <strong>Delta Caf\u00e9s<\/strong>. A recolha de alimentos decorreu de 2 a 6 de dezembro no Hospital de Santa Luzia de Elvas.<\/p>\n\n    <p>No dia <strong>5 de dezembro de 2024<\/strong>, <em>Dia Internacional do Voluntariado<\/em>, realiz\u00e1mos uma <strong>Palestra de Consciencializa\u00e7\u00e3o do Voluntariado<\/strong> no Audit\u00f3rio da Escola Secund\u00e1ria D. Sancho II, dirigida a v\u00e1rias turmas.<\/p>\n\n    <p><strong>Em breve ser\u00e1 anunciado o regresso da Campanha Solid\u00e1ria<\/strong>, projetada para os dias <strong>2 a 5 de dezembro<\/strong>.<\/p>\n\n    <!-- BOT\u00d5ES -->\n    <div class=\"actions\">\n      <a class=\"btn-gold\" href=\"https:\/\/www.facebook.com\/share\/v\/16igdvF1Y7\/\" target=\"_blank\" rel=\"noopener\">\ud83d\udd17 Publica\u00e7\u00e3o no Facebook<\/a>\n      <a class=\"btn-gold\" href=\"https:\/\/www.instagram.com\/p\/DDWpL7CuTKJ\/?utm_source=ig_web_copy_link&#038;igsh=MzRlODBiNWFlZA==\" target=\"_blank\" rel=\"noopener\">\ud83d\udcf8 Publica\u00e7\u00e3o no Instagram<\/a>\n    <\/div>\n  <\/section>\n\n<\/div>\n\n<style>\n\/* ====== estilos scoped \u00e0 p\u00e1gina SOLIDARIEDADE ====== *\/\n#solidariedade{ --brand:#BFA24A; --text:#000; --muted:#555; }\n#solidariedade *{ box-sizing:border-box }\n\n.solid-poster{\n  text-align:center; margin:0 0 16px;\n}\n.solid-poster img{\n  max-width:35%; height:auto;\n  display:inline-block;\n  box-shadow:0 2px 8px rgba(0,0,0,.1);\n  object-fit:contain;\n}\n@media (max-width:600px){\n  .solid-poster img{ max-width:92vw; }\n}\n\n\/* Cabe\u00e7alho *\/\n.solid-head{ text-align:center; border-top:3px solid var(--brand); padding-top:1rem; }\n.solid-head h1{\n  margin:.2rem 0 0; font-size:clamp(1.6rem,3.2vw,2.1rem); font-weight:900; color:var(--text);\n}\n.solid-head .sub{\n  margin:.25rem 0 0; color:var(--muted); font-weight:600; font-size:1.1rem;\n}\n.solid-head .sub::after{\n  content:\"\"; display:block; width:60px; height:3px; background:var(--brand);\n  margin:.55rem auto 0; border-radius:2px;\n}\n\n\/* Texto corpo *\/\n.solid-body{ max-width:900px; margin:1rem auto; font-size:1.05rem; line-height:1.65; color:#111; padding:0 8px; }\n.solid-body h2{ font-size:1.25rem; margin:1.2rem 0 .5rem; }\n.solid-body ul{ margin:.5rem 0 1rem 1.2rem; }\n.solid-body li{ margin:.28rem 0; }\n\n\/* Palavras a vermelho *\/\n.red{ color:#d11; font-weight:900; }\n\n\/* Bot\u00f5es (bege \u2192 dourado, preto \u2192 branco) *\/\n.actions{\n  display:flex; gap:.8rem; flex-wrap:wrap; justify-content:center; margin:1.1rem 0 1.4rem;\n}\n.btn-gold,\n.btn-gold:link,\n.btn-gold:visited{\n  padding:.65rem 1.2rem;\n  border-radius:999px;\n  background:#e6d9b6;\n  border:1px solid #e6d9b6;\n  color:#000 !important;\n  font-weight:800;\n  text-decoration:none !important;\n  transition:.25s ease;\n}\n.btn-gold:hover,\n.btn-gold:focus-visible{\n  background:#bfa24a;\n  border-color:#bfa24a;\n  color:#fff !important;\n}\n@media (max-width:600px){\n  .actions .btn-gold{ width:100%; text-align:center; }\n}\n<\/style>\n\n","protected":false},"excerpt":{"rendered":"<p>Solidariedade Campanha Solid\u00e1ria \u2014 \u201cN\u00e3o Deixes para Amanh\u00e3, Quem Podes Salvar Hoje!\u201d A Campanha Solid\u00e1ria da Associa\u00e7\u00e3o Cultural P\u00fablia Hort\u00eansia de Castro de Elvas (ACPHCE) decorreu em 2024 com o mote \u201cN\u00e3o Deixes para Amanh\u00e3, Quem Podes Salvar Hoje!\u201d, mobilizando a comunidade para a d\u00e1diva de sangue e a recolha de bens essenciais, humanos e [&hellip;]<\/p>\n","protected":false},"author":1,"featured_media":0,"parent":0,"menu_order":0,"comment_status":"closed","ping_status":"closed","template":"","meta":{"iawp_total_views":10,"footnotes":""},"class_list":["post-227","page","type-page","status-publish","hentry"],"blocksy_meta":[],"yoast_head":"<!-- This site is optimized with the Yoast SEO plugin v27.5 - https:\/\/yoast.com\/product\/yoast-seo-wordpress\/ -->\n<title>SOLIDARIEDADE - Associa\u00e7\u00e3o Cultural P\u00fablia Hort\u00eansia de Castro de Elvas<\/title>\n<meta name=\"robots\" content=\"index, follow, max-snippet:-1, max-image-preview:large, max-video-preview:-1\" \/>\n<link rel=\"canonical\" href=\"https:\/\/acphcelvas.com\/index.php\/solidariedade\/\" \/>\n<meta property=\"og:locale\" content=\"pt_PT\" \/>\n<meta property=\"og:type\" content=\"article\" \/>\n<meta property=\"og:title\" content=\"SOLIDARIEDADE - Associa\u00e7\u00e3o Cultural P\u00fablia Hort\u00eansia de Castro de Elvas\" \/>\n<meta property=\"og:description\" content=\"Solidariedade Campanha Solid\u00e1ria \u2014 \u201cN\u00e3o Deixes para Amanh\u00e3, Quem Podes Salvar Hoje!\u201d A Campanha Solid\u00e1ria da Associa\u00e7\u00e3o Cultural P\u00fablia Hort\u00eansia de Castro de Elvas (ACPHCE) decorreu em 2024 com o mote \u201cN\u00e3o Deixes para Amanh\u00e3, Quem Podes Salvar Hoje!\u201d, mobilizando a comunidade para a d\u00e1diva de sangue e a recolha de bens essenciais, humanos e [&hellip;]\" \/>\n<meta property=\"og:url\" content=\"https:\/\/acphcelvas.com\/index.php\/solidariedade\/\" \/>\n<meta property=\"og:site_name\" content=\"Associa\u00e7\u00e3o Cultural P\u00fablia Hort\u00eansia de Castro de Elvas\" \/>\n<meta property=\"article:modified_time\" content=\"2025-10-01T13:06:25+00:00\" \/>\n<meta name=\"twitter:card\" content=\"summary_large_image\" \/>\n<meta name=\"twitter:label1\" content=\"Tempo estimado de leitura\" \/>\n\t<meta name=\"twitter:data1\" content=\"2 minutos\" \/>\n<script type=\"application\/ld+json\" class=\"yoast-schema-graph\">{\"@context\":\"https:\\\/\\\/schema.org\",\"@graph\":[{\"@type\":\"WebPage\",\"@id\":\"https:\\\/\\\/acphcelvas.com\\\/index.php\\\/solidariedade\\\/\",\"url\":\"https:\\\/\\\/acphcelvas.com\\\/index.php\\\/solidariedade\\\/\",\"name\":\"SOLIDARIEDADE - Associa\u00e7\u00e3o Cultural P\u00fablia Hort\u00eansia de Castro de Elvas\",\"isPartOf\":{\"@id\":\"https:\\\/\\\/acphcelvas.com\\\/#website\"},\"datePublished\":\"2025-10-01T02:40:41+00:00\",\"dateModified\":\"2025-10-01T13:06:25+00:00\",\"breadcrumb\":{\"@id\":\"https:\\\/\\\/acphcelvas.com\\\/index.php\\\/solidariedade\\\/#breadcrumb\"},\"inLanguage\":\"pt-PT\",\"potentialAction\":[{\"@type\":\"ReadAction\",\"target\":[\"https:\\\/\\\/acphcelvas.com\\\/index.php\\\/solidariedade\\\/\"]}]},{\"@type\":\"BreadcrumbList\",\"@id\":\"https:\\\/\\\/acphcelvas.com\\\/index.php\\\/solidariedade\\\/#breadcrumb\",\"itemListElement\":[{\"@type\":\"ListItem\",\"position\":1,\"name\":\"In\u00edcio\",\"item\":\"https:\\\/\\\/acphcelvas.com\\\/\"},{\"@type\":\"ListItem\",\"position\":2,\"name\":\"SOLIDARIEDADE\"}]},{\"@type\":\"WebSite\",\"@id\":\"https:\\\/\\\/acphcelvas.com\\\/#website\",\"url\":\"https:\\\/\\\/acphcelvas.com\\\/\",\"name\":\"Associa\u00e7\u00e3o Cultural P\u00fablia Hort\u00eansia de Castro de Elvas\",\"description\":\"\",\"publisher\":{\"@id\":\"https:\\\/\\\/acphcelvas.com\\\/#organization\"},\"potentialAction\":[{\"@type\":\"SearchAction\",\"target\":{\"@type\":\"EntryPoint\",\"urlTemplate\":\"https:\\\/\\\/acphcelvas.com\\\/?s={search_term_string}\"},\"query-input\":{\"@type\":\"PropertyValueSpecification\",\"valueRequired\":true,\"valueName\":\"search_term_string\"}}],\"inLanguage\":\"pt-PT\"},{\"@type\":\"Organization\",\"@id\":\"https:\\\/\\\/acphcelvas.com\\\/#organization\",\"name\":\"Associa\u00e7\u00e3o Cultural P\u00fablia Hort\u00eansia de Castro de Elvas\",\"url\":\"https:\\\/\\\/acphcelvas.com\\\/\",\"logo\":{\"@type\":\"ImageObject\",\"inLanguage\":\"pt-PT\",\"@id\":\"https:\\\/\\\/acphcelvas.com\\\/#\\\/schema\\\/logo\\\/image\\\/\",\"url\":\"https:\\\/\\\/acphcelvas.com\\\/wp-content\\\/uploads\\\/2025\\\/08\\\/cropped-logo-associacao-cphc-01-scaled-1.png\",\"contentUrl\":\"https:\\\/\\\/acphcelvas.com\\\/wp-content\\\/uploads\\\/2025\\\/08\\\/cropped-logo-associacao-cphc-01-scaled-1.png\",\"width\":512,\"height\":512,\"caption\":\"Associa\u00e7\u00e3o Cultural P\u00fablia Hort\u00eansia de Castro de Elvas\"},\"image\":{\"@id\":\"https:\\\/\\\/acphcelvas.com\\\/#\\\/schema\\\/logo\\\/image\\\/\"}}]}<\/script>\n<!-- \/ Yoast SEO plugin. -->","yoast_head_json":{"title":"SOLIDARIEDADE - Associa\u00e7\u00e3o Cultural P\u00fablia Hort\u00eansia de Castro de Elvas","robots":{"index":"index","follow":"follow","max-snippet":"max-snippet:-1","max-image-preview":"max-image-preview:large","max-video-preview":"max-video-preview:-1"},"canonical":"https:\/\/acphcelvas.com\/index.php\/solidariedade\/","og_locale":"pt_PT","og_type":"article","og_title":"SOLIDARIEDADE - Associa\u00e7\u00e3o Cultural P\u00fablia Hort\u00eansia de Castro de Elvas","og_description":"Solidariedade Campanha Solid\u00e1ria \u2014 \u201cN\u00e3o Deixes para Amanh\u00e3, Quem Podes Salvar Hoje!\u201d A Campanha Solid\u00e1ria da Associa\u00e7\u00e3o Cultural P\u00fablia Hort\u00eansia de Castro de Elvas (ACPHCE) decorreu em 2024 com o mote \u201cN\u00e3o Deixes para Amanh\u00e3, Quem Podes Salvar Hoje!\u201d, mobilizando a comunidade para a d\u00e1diva de sangue e a recolha de bens essenciais, humanos e [&hellip;]","og_url":"https:\/\/acphcelvas.com\/index.php\/solidariedade\/","og_site_name":"Associa\u00e7\u00e3o Cultural P\u00fablia Hort\u00eansia de Castro de Elvas","article_modified_time":"2025-10-01T13:06:25+00:00","twitter_card":"summary_large_image","twitter_misc":{"Tempo estimado de leitura":"2 minutos"},"schema":{"@context":"https:\/\/schema.org","@graph":[{"@type":"WebPage","@id":"https:\/\/acphcelvas.com\/index.php\/solidariedade\/","url":"https:\/\/acphcelvas.com\/index.php\/solidariedade\/","name":"SOLIDARIEDADE - Associa\u00e7\u00e3o Cultural P\u00fablia Hort\u00eansia de Castro de Elvas","isPartOf":{"@id":"https:\/\/acphcelvas.com\/#website"},"datePublished":"2025-10-01T02:40:41+00:00","dateModified":"2025-10-01T13:06:25+00:00","breadcrumb":{"@id":"https:\/\/acphcelvas.com\/index.php\/solidariedade\/#breadcrumb"},"inLanguage":"pt-PT","potentialAction":[{"@type":"ReadAction","target":["https:\/\/acphcelvas.com\/index.php\/solidariedade\/"]}]},{"@type":"BreadcrumbList","@id":"https:\/\/acphcelvas.com\/index.php\/solidariedade\/#breadcrumb","itemListElement":[{"@type":"ListItem","position":1,"name":"In\u00edcio","item":"https:\/\/acphcelvas.com\/"},{"@type":"ListItem","position":2,"name":"SOLIDARIEDADE"}]},{"@type":"WebSite","@id":"https:\/\/acphcelvas.com\/#website","url":"https:\/\/acphcelvas.com\/","name":"Associa\u00e7\u00e3o Cultural P\u00fablia Hort\u00eansia de Castro de Elvas","description":"","publisher":{"@id":"https:\/\/acphcelvas.com\/#organization"},"potentialAction":[{"@type":"SearchAction","target":{"@type":"EntryPoint","urlTemplate":"https:\/\/acphcelvas.com\/?s={search_term_string}"},"query-input":{"@type":"PropertyValueSpecification","valueRequired":true,"valueName":"search_term_string"}}],"inLanguage":"pt-PT"},{"@type":"Organization","@id":"https:\/\/acphcelvas.com\/#organization","name":"Associa\u00e7\u00e3o Cultural P\u00fablia Hort\u00eansia de Castro de Elvas","url":"https:\/\/acphcelvas.com\/","logo":{"@type":"ImageObject","inLanguage":"pt-PT","@id":"https:\/\/acphcelvas.com\/#\/schema\/logo\/image\/","url":"https:\/\/acphcelvas.com\/wp-content\/uploads\/2025\/08\/cropped-logo-associacao-cphc-01-scaled-1.png","contentUrl":"https:\/\/acphcelvas.com\/wp-content\/uploads\/2025\/08\/cropped-logo-associacao-cphc-01-scaled-1.png","width":512,"height":512,"caption":"Associa\u00e7\u00e3o Cultural P\u00fablia Hort\u00eansia de Castro de Elvas"},"image":{"@id":"https:\/\/acphcelvas.com\/#\/schema\/logo\/image\/"}}]}},"_links":{"self":[{"href":"https:\/\/acphcelvas.com\/index.php\/wp-json\/wp\/v2\/pages\/227","targetHints":{"allow":["GET"]}}],"collection":[{"href":"https:\/\/acphcelvas.com\/index.php\/wp-json\/wp\/v2\/pages"}],"about":[{"href":"https:\/\/acphcelvas.com\/index.php\/wp-json\/wp\/v2\/types\/page"}],"author":[{"embeddable":true,"href":"https:\/\/acphcelvas.com\/index.php\/wp-json\/wp\/v2\/users\/1"}],"replies":[{"embeddable":true,"href":"https:\/\/acphcelvas.com\/index.php\/wp-json\/wp\/v2\/comments?post=227"}],"version-history":[{"count":4,"href":"https:\/\/acphcelvas.com\/index.php\/wp-json\/wp\/v2\/pages\/227\/revisions"}],"predecessor-version":[{"id":354,"href":"https:\/\/acphcelvas.com\/index.php\/wp-json\/wp\/v2\/pages\/227\/revisions\/354"}],"wp:attachment":[{"href":"https:\/\/acphcelvas.com\/index.php\/wp-json\/wp\/v2\/media?parent=227"}],"curies":[{"name":"wp","href":"https:\/\/api.w.org\/{rel}","templated":true}]}}