{"id":229,"date":"2025-10-01T04:07:06","date_gmt":"2025-10-01T03:07:06","guid":{"rendered":"https:\/\/acphcelvas.com\/?page_id=229"},"modified":"2026-02-28T19:01:23","modified_gmt":"2026-02-28T19:01:23","slug":"agenda","status":"publish","type":"page","link":"https:\/\/acphcelvas.com\/index.php\/agenda\/","title":{"rendered":"AGENDA"},"content":{"rendered":"\n<!-- ===================== AGENDA ACPHCE ===================== -->\n<div id=\"agenda\">\n\n  <!-- T\u00edtulo -->\n  <header class=\"agenda-head\">\n    <h1>Agenda<\/h1>\n    <p class=\"sub\">Concertos, workshops e iniciativas da ACPHCE<\/p>\n  <\/header>\n\n  <!-- Tabs Pr\u00f3ximos \/ Passados -->\n  <nav class=\"agenda-tabs\" role=\"tablist\" aria-label=\"Navega\u00e7\u00e3o da agenda\">\n    <button class=\"tab active\" role=\"tab\" aria-selected=\"true\" data-tab=\"upcoming\">Pr\u00f3ximos<\/button>\n    <button class=\"tab\" role=\"tab\" aria-selected=\"false\" data-tab=\"past\">Passados (2025)<\/button>\n  <\/nav>\n\n  <!-- Filtros por projeto -->\n  <div class=\"agenda-filters\" aria-label=\"Filtrar por projeto\">\n    <button class=\"chip active\" data-filter=\"all\">Todos<\/button>\n    <button class=\"chip\" data-filter=\"cicme\">CICME<\/button>\n    <button class=\"chip\" data-filter=\"workintecvox\">WORKINTECVOX<\/button>\n    <button class=\"chip\" data-filter=\"fice\">FICE<\/button>\n    <button class=\"chip\" data-filter=\"cphce\">CPHCE<\/button>\n    <button class=\"chip\" data-filter=\"acphce\">ACPHCE<\/button>\n    <button class=\"chip\" data-filter=\"solidariedade\">Solidariedade<\/button>\n  <\/div>\n\n  <!-- LISTA: PR\u00d3XIMOS (2026) -->\n  <section class=\"agenda-list active\" data-tabpanel=\"upcoming\" aria-labelledby=\"tab-upcoming\">\n\n    <!-- 7350 \u2014 Hotel S\u00e3o Jo\u00e3o de Deus -->\n    <article class=\"event tag-cphce\" aria-label=\"Participa\u00e7\u00e3o do Coral no evento do Coletivo Art\u00edstico 7350\">\n      <div class=\"date\">\n        <span class=\"day\">6<\/span>\n        <span class=\"mon\">Mar<\/span>\n        <span class=\"year\">2026<\/span>\n      <\/div>\n      <div class=\"body\">\n        <h2 class=\"title\">Participa\u00e7\u00e3o do Coral no evento do Coletivo Art\u00edstico 7350<\/h2>\n        <p class=\"meta\"><strong>Hora:<\/strong> 21h30 \u2022 <strong>Local:<\/strong> Hotel S\u00e3o Jo\u00e3o de Deus, Elvas<\/p>\n        <div class=\"actions\"><a class=\"btn-gold\" href=\"\/cphce\/\">\ud83c\udfb5 CPHCE<\/a><\/div>\n      <\/div>\n      <span class=\"badge\">CPHCE<\/span>\n    <\/article>\n\n    <!-- CICME Popular \u2014 Vertente Amadora -->\n    <article class=\"event tag-cicme\" aria-label=\"CICME Popular \u2014 Vertente Amadora\">\n      <div class=\"date\">\n        <span class=\"day\">1<\/span>\n        <span class=\"mon\">Abr<\/span>\n        <span class=\"year\">2026<\/span>\n      <\/div>\n      <div class=\"body\">\n        <h2 class=\"title\">CICME Popular \u2014 Vertente Amadora<\/h2>\n        <p class=\"meta\"><strong>Data:<\/strong> 1 de abril \u2022 <strong>Local:<\/strong> Elvas <span class=\"red\">(a confirmar)<\/span><\/p>\n        <div class=\"actions\"><a class=\"btn-gold\" href=\"\/cicme-2\/#pt\">\u2139\ufe0f Info<\/a><\/div>\n      <\/div>\n      <span class=\"badge\">CICME<\/span>\n    <\/article>\n\n    <!-- II Jornadas do Cuidado da Voz (abril) -->\n    <article class=\"event tag-workintecvox\" aria-label=\"II Jornadas do Cuidado da Voz no Canto \u2014 abril 2026\">\n      <div class=\"date\">\n        <span class=\"day\">10\u202217\u202224<\/span>\n        <span class=\"mon\">Abr<\/span>\n        <span class=\"year\">2026<\/span>\n      <\/div>\n      <div class=\"body\">\n        <h2 class=\"title\">II Jornadas do Cuidado da Voz no Canto<\/h2>\n        <p class=\"meta\"><strong>Formato:<\/strong> fins de semana \u2022 <strong>Local:<\/strong> Elvas <span class=\"red\">(a confirmar)<\/span><\/p>\n        <p class=\"desc\">Sess\u00f5es dedicadas \u00e0 sa\u00fade vocal e boas pr\u00e1ticas no canto.<\/p>\n        <div class=\"actions\"><a class=\"btn-gold\" href=\"\/index.php\/5-workintecvox\/\">\u2139\ufe0f Info<\/a><\/div>\n      <\/div>\n      <span class=\"badge\">WORKINTECVOX<\/span>\n    <\/article>\n\n    <!-- Concerto de P\u00e1scoa -->\n    <article class=\"event tag-cphce\" aria-label=\"Concerto de P\u00e1scoa \u2014 Igreja do Salvador, Elvas\">\n      <div class=\"date\">\n        <span class=\"day\">12<\/span>\n        <span class=\"mon\">Abr<\/span>\n        <span class=\"year\">2026<\/span>\n      <\/div>\n      <div class=\"body\">\n        <h2 class=\"title\">Concerto de P\u00e1scoa<\/h2>\n        <p class=\"meta\"><strong>Hora:<\/strong> 16h30 \u2022 <strong>Local:<\/strong> Igreja do Salvador, Elvas<\/p>\n        <div class=\"actions\"><a class=\"btn-gold\" href=\"\/cphce\/\">\ud83c\udfb5 CPHCE<\/a><\/div>\n      <\/div>\n      <span class=\"badge\">CPHCE<\/span>\n    <\/article>\n\n    <!-- II FICE 2026 -->\n    <article class=\"event tag-fice\" aria-label=\"II FICE \u2014 Festival Internacional de Coros de Elvas\">\n      <div class=\"date\">\n        <span class=\"day\">16<\/span>\n        <span class=\"mon\">Mai<\/span>\n        <span class=\"year\">2026<\/span>\n      <\/div>\n      <div class=\"body\">\n        <h2 class=\"title\">II FICE \u2014 Festival Internacional de Coros de Elvas<\/h2>\n        <p class=\"meta\"><strong>Hora:<\/strong> 18h00 \u2022 <strong>Local:<\/strong> Elvas<\/p>\n        <p class=\"desc\"><strong>Coros convidados:<\/strong> Ninfas do Lis (Leiria) \u2022 Flores de Maio (Madeira) \u2022 Elysia (Madrid)<\/p>\n        <div class=\"actions\"><a class=\"btn-gold\" href=\"\/fice\/\">\u2139\ufe0f Info<\/a><\/div>\n      <\/div>\n      <span class=\"badge\">FICE<\/span>\n    <\/article>\n\n    <!-- 34.\u00aa Feira Escolar -->\n    <article class=\"event tag-acphce\" aria-label=\"Participa\u00e7\u00e3o na 34.\u00aa Feira Escolar \u2014 Elvas\">\n      <div class=\"date\">\n        <span class=\"day\">29\u20131<\/span>\n        <span class=\"mon\">Mai\u2013Jun<\/span>\n        <span class=\"year\">2026<\/span>\n      <\/div>\n      <div class=\"body\">\n        <h2 class=\"title\">Participa\u00e7\u00e3o na 34.\u00aa Feira Escolar<\/h2>\n        <p class=\"meta\"><strong>Local:<\/strong> Elvas<\/p>\n      <\/div>\n      <span class=\"badge\">ACPHCE<\/span>\n    <\/article>\n\n    <!-- Noite na Biblioteca -->\n    <article class=\"event tag-cphce\" aria-label=\"Participa\u00e7\u00e3o do Coral no evento Noite na Biblioteca\">\n      <div class=\"date\">\n        <span class=\"day\">9<\/span>\n        <span class=\"mon\">Jun<\/span>\n        <span class=\"year\">2026<\/span>\n      <\/div>\n      <div class=\"body\">\n        <h2 class=\"title\">Participa\u00e7\u00e3o do Coral no evento \u201cNoite na Biblioteca\u201d<\/h2>\n        <p class=\"meta\"><strong>Hora:<\/strong> 21h30 \u2022 <strong>Local:<\/strong> Elvas<\/p>\n        <div class=\"actions\"><a class=\"btn-gold\" href=\"\/cphce\/\">\ud83c\udfb5 CPHCE<\/a><\/div>\n      <\/div>\n      <span class=\"badge\">CPHCE<\/span>\n    <\/article>\n\n    <!-- 146.\u00ba Anivers\u00e1rio Biblioteca Municipal -->\n    <article class=\"event tag-cphce\" aria-label=\"Abertura do 146.\u00ba Anivers\u00e1rio da Biblioteca Municipal de Elvas\">\n      <div class=\"date\">\n        <span class=\"day\">10<\/span>\n        <span class=\"mon\">Jun<\/span>\n        <span class=\"year\">2026<\/span>\n      <\/div>\n      <div class=\"body\">\n        <h2 class=\"title\">Abertura do evento \u201c146.\u00ba Anivers\u00e1rio da Biblioteca Municipal de Elvas\u201d<\/h2>\n        <p class=\"meta\"><strong>Hora:<\/strong> 15h30 \u2022 <strong>Local:<\/strong> Biblioteca Municipal de Elvas<\/p>\n        <div class=\"actions\"><a class=\"btn-gold\" href=\"\/cphce\/\">\ud83c\udfb5 CPHCE<\/a><\/div>\n      <\/div>\n      <span class=\"badge\">CPHCE<\/span>\n    <\/article>\n    <!-- 39.\u00ba Anivers\u00e1rio CPHCE + Estreia obras CICME -->\n    <article class=\"event tag-cphce tag-cicme\" aria-label=\"39.\u00ba Anivers\u00e1rio do CPHCE + Estreia das obras vencedoras do I CICME\">\n      <div class=\"date\">\n        <span class=\"day\">13<\/span>\n        <span class=\"mon\">Jun<\/span>\n        <span class=\"year\">2026<\/span>\n      <\/div>\n      <div class=\"body\">\n        <h2 class=\"title\">39.\u00ba Anivers\u00e1rio do CPHCE + Estreia das obras vencedoras do I CICME e CICME Popular<\/h2>\n        <p class=\"meta\"><strong>Hora:<\/strong> 18h00 \u2022 <strong>Local:<\/strong> Forte da Gra\u00e7a, Elvas<\/p>\n        <p class=\"desc\"><strong>Coro convidado:<\/strong> Coro Polif\u00f3nico de \u00c9vora.<\/p>\n        <div class=\"actions\">\n          <a class=\"btn-gold\" href=\"\/cphce\/\">\ud83c\udfb5 CPHCE<\/a>\n          <a class=\"btn-gold\" href=\"\/cicme-2\/#pt\">\u2139\ufe0f CICME<\/a>\n        <\/div>\n      <\/div>\n      <span class=\"badge\">CPHCE<\/span>\n    <\/article>\n\n    <!-- Encontro Coral \u2014 Jubilaire (por confirmar) -->\n    <article class=\"event tag-cphce\" aria-label=\"Encontro Coral organizado pelo Jubilaire (por confirmar)\">\n      <div class=\"date\">\n        <span class=\"day\">4<\/span>\n        <span class=\"mon\">Jul<\/span>\n        <span class=\"year\">2026<\/span>\n      <\/div>\n      <div class=\"body\">\n        <h2 class=\"title\">Encontro Coral organizado pelo Jubilaire \u2014 Coro Polif\u00f3nico Jubilaire<\/h2>\n        <p class=\"meta\"><strong>Local:<\/strong> Alc\u00e1\u00e7ova <span class=\"red\">(por confirmar)<\/span><\/p>\n        <div class=\"actions\"><a class=\"btn-gold\" href=\"\/cphce\/\">\ud83c\udfb5 CPHCE<\/a><\/div>\n      <\/div>\n      <span class=\"badge\">CPHCE<\/span>\n    <\/article>\n\n    <!-- II Encontro de Coros \u2014 Tutti Cantati -->\n    <article class=\"event tag-cphce\" aria-label=\"II Encontro de Coros \u2014 Tutti Cantati (Leiria)\">\n      <div class=\"date\">\n        <span class=\"day\">12<\/span>\n        <span class=\"mon\">Set<\/span>\n        <span class=\"year\">2026<\/span>\n      <\/div>\n      <div class=\"body\">\n        <h2 class=\"title\">II Encontro de Coros \u2014 \u201cTutti Cantati\u201d<\/h2>\n        <p class=\"meta\"><strong>Organiza\u00e7\u00e3o:<\/strong> Coro Ninfas do Lis \u2022 <strong>Local:<\/strong> Leiria<\/p>\n        <div class=\"actions\"><a class=\"btn-gold\" href=\"\/cphce\/\">\ud83c\udfb5 CPHCE<\/a><\/div>\n      <\/div>\n      <span class=\"badge\">CPHCE<\/span>\n    <\/article>\n\n    <!-- Festas do Senhor Jesus da Piedade -->\n    <article class=\"event tag-cphce\" aria-label=\"Festas em honra do Senhor Jesus da Piedade \u2014 durante o S. Mateus\">\n      <div class=\"date\">\n        <span class=\"day\">20\u201327<\/span>\n        <span class=\"mon\">Set<\/span>\n        <span class=\"year\">2026<\/span>\n      <\/div>\n      <div class=\"body\">\n        <h2 class=\"title\">Festas em honra do Senhor Jesus da Piedade \u2014 durante o S. Mateus<\/h2>\n        <p class=\"meta\"><strong>Local:<\/strong> Elvas<\/p>\n        <div class=\"actions\"><a class=\"btn-gold\" href=\"\/cphce\/\">\ud83c\udfb5 CPHCE<\/a><\/div>\n      <\/div>\n      <span class=\"badge\">CPHCE<\/span>\n    <\/article>\n\n    <!-- II CICME \u2014 per\u00edodo -->\n    <article class=\"event tag-cicme\" aria-label=\"II CICME \u2014 Ecos Sacros das Igrejas de Elvas (11 out 2026 a 31 jan 2027)\">\n      <div class=\"date\">\n        <span class=\"day\">11<\/span>\n        <span class=\"mon\">Out<\/span>\n        <span class=\"year\">2026<\/span>\n      <\/div>\n      <div class=\"body\">\n        <h2 class=\"title\">II Concurso Internacional de Composi\u00e7\u00e3o Musical de Elvas \u2014 \u201cEcos Sacros das Igrejas de Elvas\u201d<\/h2>\n        <p class=\"meta\"><strong>Per\u00edodo:<\/strong> 11 out. 2026 a 31 jan. 2027<\/p>\n        <div class=\"actions\"><a class=\"btn-gold\" href=\"\/cicme-2\/#pt\">\u2139\ufe0f Info<\/a><\/div>\n      <\/div>\n      <span class=\"badge\">CICME<\/span>\n    <\/article>\n\n    <!-- II Jornadas do Cuidado da Voz (outubro) -->\n    <article class=\"event tag-workintecvox\" aria-label=\"II Jornadas do Cuidado da Voz no Canto \u2014 outubro 2026\">\n      <div class=\"date\">\n        <span class=\"day\">9\u202216\u202227<\/span>\n        <span class=\"mon\">Out<\/span>\n        <span class=\"year\">2026<\/span>\n      <\/div>\n      <div class=\"body\">\n        <h2 class=\"title\">II Jornadas do Cuidado da Voz no Canto<\/h2>\n        <p class=\"meta\"><strong>Formato:<\/strong> fins de semana \u2022 <strong>Local:<\/strong> Elvas <span class=\"red\">(a confirmar)<\/span><\/p>\n        <div class=\"actions\"><a class=\"btn-gold\" href=\"\/index.php\/5-workintecvox\/\">\u2139\ufe0f Info<\/a><\/div>\n      <\/div>\n      <span class=\"badge\">WORKINTECVOX<\/span>\n    <\/article>\n\n    <!-- Lenda Sonora de Santa Cec\u00edlia -->\n    <article class=\"event tag-acphce\" aria-label=\"Ciclo Musical A Lenda Sonora de Santa Cec\u00edlia \u2014 novembro 2026\">\n      <div class=\"date\">\n        <span class=\"day\">8\u202215\u202222<\/span>\n        <span class=\"mon\">Nov<\/span>\n        <span class=\"year\">2026<\/span>\n      <\/div>\n      <div class=\"body\">\n        <h2 class=\"title\">Ciclo Musical \u201cA Lenda Sonora de Santa Cec\u00edlia\u201d<\/h2>\n        <p class=\"meta\"><strong>Datas:<\/strong> 8, 15 e 22 de novembro \u2022 <strong>Local:<\/strong> Elvas <span class=\"red\">(a confirmar)<\/span><\/p>\n      <\/div>\n      <span class=\"badge\">ACPHCE<\/span>\n    <\/article>\n\n    <!-- Concertos Natal\u00edcios Solid\u00e1rios -->\n    <article class=\"event tag-solidariedade\" aria-label=\"Ciclo de Concertos Natal\u00edcios Solid\u00e1rios \u2014 Elvas 2026\">\n      <div class=\"date\">\n        <span class=\"day\">8\u201317<\/span>\n        <span class=\"mon\">Dez<\/span>\n        <span class=\"year\">2026<\/span>\n      <\/div>\n      <div class=\"body\">\n        <h2 class=\"title\">Ciclo de Concertos Natal\u00edcios Solid\u00e1rios \u2014 Elvas 2026<\/h2>\n        <p class=\"meta\"><strong>Datas:<\/strong> 8 a 17 de dezembro \u2022 <strong>Local:<\/strong> Elvas<\/p>\n        <div class=\"actions\"><a class=\"btn-gold\" href=\"\/solidariedade\/\">\u2139\ufe0f Info<\/a><\/div>\n      <\/div>\n      <span class=\"badge\">Solidariedade<\/span>\n    <\/article>\n\n    <!-- 2.\u00ba Encontro Coral | Natal de Elvas -->\n    <article class=\"event tag-cphce\" aria-label=\"2.\u00ba Encontro Coral | Natal de Elvas \u2014 Antiga S\u00e9\">\n      <div class=\"date\">\n        <span class=\"day\">12<\/span>\n        <span class=\"mon\">Dez<\/span>\n        <span class=\"year\">2026<\/span>\n      <\/div>\n      <div class=\"body\">\n        <h2 class=\"title\">2.\u00ba Encontro Coral | Natal de Elvas<\/h2>\n        <p class=\"meta\"><strong>Hora:<\/strong> 18h00 \u2022 <strong>Local:<\/strong> Antiga S\u00e9 de Elvas<\/p>\n        <p class=\"desc\"><strong>Grupo convidado:<\/strong> Coro Cum Jubilo \u2014 Coro Juvenil de Plasencia (Espanha).<\/p>\n        <div class=\"actions\"><a class=\"btn-gold\" href=\"\/cphce\/\">\ud83c\udfb5 CPHCE<\/a><\/div>\n      <\/div>\n      <span class=\"badge\">CPHCE<\/span>\n    <\/article>\n\n    <!-- Entre Vozes e Instrumentos\u2026 o Natal -->\n    <article class=\"event tag-cphce\" aria-label=\"Entre Vozes e Instrumentos\u2026 o Natal \u2014 Antiga S\u00e9\">\n      <div class=\"date\">\n        <span class=\"day\">20<\/span>\n        <span class=\"mon\">Dez<\/span>\n        <span class=\"year\">2026<\/span>\n      <\/div>\n      <div class=\"body\">\n        <h2 class=\"title\">2.\u00aa Edi\u00e7\u00e3o \u2014 \u201cEntre Vozes e Instrumentos\u2026 o Natal\u201d<\/h2>\n        <p class=\"meta\"><strong>Hora:<\/strong> 16h00 \u2022 <strong>Local:<\/strong> Antiga S\u00e9 de Elvas<\/p>\n        <p class=\"desc\"><strong>Concerto conjunto:<\/strong> Banda 14 de Janeiro de Elvas.<\/p>\n        <div class=\"actions\"><a class=\"btn-gold\" href=\"\/cphce\/\">\ud83c\udfb5 CPHCE<\/a><\/div>\n      <\/div>\n      <span class=\"badge\">CPHCE<\/span>\n    <\/article>\n\n    <!-- The Jig Kickers (data por definir) -->\n    <article class=\"event tag-cphce\" aria-label=\"Participa\u00e7\u00e3o do Coral com The Jig Kickers (data por definir)\">\n      <div class=\"date\">\n        <span class=\"day\">\u2014<\/span>\n        <span class=\"mon\">\u2014<\/span>\n        <span class=\"year\">2026<\/span>\n      <\/div>\n      <div class=\"body\">\n        <h2 class=\"title\">Participa\u00e7\u00e3o do Coral com \u201cThe Jig Kickers\u201d<\/h2>\n        <p class=\"meta\"><strong>Data:<\/strong> <span class=\"red\">por definir<\/span> \u2022 <strong>Local:<\/strong> <span class=\"red\">a confirmar<\/span><\/p>\n        <div class=\"actions\"><a class=\"btn-gold\" href=\"\/cphce\/\">\ud83c\udfb5 CPHCE<\/a><\/div>\n      <\/div>\n      <span class=\"badge\">CPHCE<\/span>\n    <\/article>\n\n    <!-- Campanha Solid\u00e1ria (por confirmar) -->\n    <article class=\"event tag-solidariedade\" aria-label=\"2.\u00aa Edi\u00e7\u00e3o da Campanha Solid\u00e1ria (por confirmar)\">\n      <div class=\"date\">\n        <span class=\"day\">\u2014<\/span>\n        <span class=\"mon\">\u2014<\/span>\n        <span class=\"year\">2026<\/span>\n      <\/div>\n      <div class=\"body\">\n        <h2 class=\"title\">2.\u00aa Edi\u00e7\u00e3o da Campanha Solid\u00e1ria \u2014 N\u00e3o deixes para amanh\u00e3, quem podes salvar hoje!<\/h2>\n        <p class=\"meta\"><strong>Data:<\/strong> <span class=\"red\">(por confirmar)<\/span><\/p>\n        <div class=\"actions\"><a class=\"btn-gold\" href=\"\/solidariedade\/\">\u2139\ufe0f Info<\/a><\/div>\n      <\/div>\n      <span class=\"badge\">Solidariedade<\/span>\n    <\/article>\n\n  <\/section>\n\n  <!-- LISTA: PASSADOS (2025 j\u00e1 realizados) -->\n  <section class=\"agenda-list\" data-tabpanel=\"past\" aria-labelledby=\"tab-past\">\n\n    <!-- WORKINTECVOX \u2014 1.\u00ba Workshop (mar\u00e7o) -->\n    <article class=\"event tag-workintecvox\" aria-label=\"WORKINTECVOX \u2014 1.\u00ba Workshop (mar\u00e7o)\">\n      <div class=\"date\">\n        <span class=\"day\">14\u201316<\/span>\n        <span class=\"mon\">Mar<\/span>\n        <span class=\"year\">2025<\/span>\n      <\/div>\n      <div class=\"body\">\n        <h2 class=\"title\">WORKINTECVOX \u2014 1.\u00ba Workshop de t\u00e9cnica e interpreta\u00e7\u00e3o vocal<\/h2>\n        <p class=\"meta\"><strong>Formato:<\/strong> coletivo e privado<\/p>\n        <div class=\"actions\"><a class=\"btn-gold\" href=\"\/index.php\/5-workintecvox\/\">\u2139\ufe0f Info<\/a><\/div>\n      <\/div>\n      <span class=\"badge\">WORKINTECVOX<\/span>\n    <\/article>\n\n    <!-- FICE 2025 (1.\u00aa edi\u00e7\u00e3o) -->\n    <article class=\"event tag-fice\" aria-label=\"FICE 2025\">\n      <div class=\"date\">\n        <span class=\"day\">22<\/span>\n        <span class=\"mon\">Mar<\/span>\n        <span class=\"year\">2025<\/span>\n      <\/div>\n      <div class=\"body\">\n        <h2 class=\"title\">FICE \u2014 1.\u00aa Edi\u00e7\u00e3o (Encontro Coral)<\/h2>\n        <p class=\"meta\"><strong>Coros:<\/strong> CPHCE (anfitri\u00e3o), Coral Nuestra Se\u00f1ora de la Esperanza (Valencia del Ventoso) e Coro Aedos (Madrid)<\/p>\n        <div class=\"actions\"><a class=\"btn-gold\" href=\"\/fice\/\">\u2139\ufe0f Info<\/a><\/div>\n      <\/div>\n      <span class=\"badge\">FICE<\/span>\n    <\/article>\n\n    <!-- Concerto de P\u00e1scoa -->\n    <article class=\"event tag-cphce\" aria-label=\"Concerto de P\u00e1scoa\">\n      <div class=\"date\">\n        <span class=\"day\">27<\/span>\n        <span class=\"mon\">Abr<\/span>\n        <span class=\"year\">2025<\/span>\n      <\/div>\n      <div class=\"body\">\n        <h2 class=\"title\">Concerto de P\u00e1scoa \u2014 Igreja do Senhor Jesus da Boa F\u00e9, Elvas<\/h2>\n        <div class=\"actions\"><a class=\"btn-gold\" href=\"\/cphce\/\">\ud83c\udfb5 CPHCE<\/a><\/div>\n      <\/div>\n      <span class=\"badge\">CPHCE<\/span>\n    <\/article>\n\n    <!-- 33.\u00aa Feira Escolar -->\n    <article class=\"event tag-cphce\" aria-label=\"33.\u00aa Feira Escolar\">\n      <div class=\"date\">\n        <span class=\"day\">30 mai\u20131 jun<\/span>\n        <span class=\"mon\">2025<\/span>\n        <span class=\"year\"><\/span>\n      <\/div>\n      <div class=\"body\">\n        <h2 class=\"title\">Participa\u00e7\u00e3o na 33.\u00aa Feira Escolar \u2014 Elvas<\/h2>\n        <div class=\"actions\"><a class=\"btn-gold\" href=\"\/cphce\/\">\ud83c\udfb5 CPHCE<\/a><\/div>\n      <\/div>\n      <span class=\"badge\">CPHCE<\/span>\n    <\/article>\n\n    <!-- 38.\u00ba Anivers\u00e1rio CPHCE -->\n    <article class=\"event tag-cphce\" aria-label=\"38.\u00ba Anivers\u00e1rio CPHCE\">\n      <div class=\"date\">\n        <span class=\"day\">14<\/span>\n        <span class=\"mon\">Jun<\/span>\n        <span class=\"year\">2025<\/span>\n      <\/div>\n      <div class=\"body\">\n        <h2 class=\"title\">Concerto 38.\u00ba Anivers\u00e1rio CPHCE<\/h2>\n        <p class=\"meta\"><strong>Convidado:<\/strong> Coral de S\u00e3o Domingos de Montemor-o-Novo \u2022 18h00 \u2022 Sal\u00e3o S\u00e3o Paulo (Hotel Vila Gal\u00e9, Elvas)<\/p>\n        <div class=\"actions\"><a class=\"btn-gold\" href=\"\/cphce\/\">\ud83c\udfb5 CPHCE<\/a><\/div>\n      <\/div>\n      <span class=\"badge\">CPHCE<\/span>\n    <\/article>\n\n    <!-- Encontro de Coros \u2014 Montijo -->\n    <article class=\"event tag-cphce\" aria-label=\"Encontro de Coros Montijo\">\n      <div class=\"date\">\n        <span class=\"day\">6<\/span>\n        <span class=\"mon\">Jul<\/span>\n        <span class=\"year\">2025<\/span>\n      <\/div>\n      <div class=\"body\">\n        <h2 class=\"title\">Participa\u00e7\u00e3o no Encontro de Coros \u2014 Montijo (PT)<\/h2>\n        <p class=\"meta\">In\u00edcio \u00e0s 15h30.<\/p>\n        <div class=\"actions\"><a class=\"btn-gold\" href=\"\/cphce\/\">\ud83c\udfb5 CPHCE<\/a><\/div>\n      <\/div>\n      <span class=\"badge\">CPHCE<\/span>\n    <\/article>\n\n    <!-- Noites de Ver\u00e3o \u2014 The Jig Kickers -->\n    <article class=\"event tag-cphce\" aria-label=\"Noites de Ver\u00e3o \u2014 The Jig Kickers\">\n      <div class=\"date\">\n        <span class=\"day\">14<\/span>\n        <span class=\"mon\">Ago<\/span>\n        <span class=\"year\">2025<\/span>\n      <\/div>\n      <div class=\"body\">\n        <h2 class=\"title\">Participa\u00e7\u00e3o com \u201cThe Jig Kickers\u201d \u2014 Abertura das Noites de Ver\u00e3o<\/h2>\n        <p class=\"meta\">21h30.<\/p>\n        <div class=\"actions\"><a class=\"btn-gold\" href=\"\/cphce\/\">\ud83c\udfb5 CPHCE<\/a><\/div>\n      <\/div>\n      <span class=\"badge\">CPHCE<\/span>\n    <\/article>\n\n    <!-- 75.\u00ba Aniv. Jornal Linhas D\u2019Elvas -->\n    <article class=\"event tag-cphce\" aria-label=\"75\u00ba Anivers\u00e1rio Jornal Linhas D\u2019Elvas\">\n      <div class=\"date\">\n        <span class=\"day\">2<\/span>\n        <span class=\"mon\">Set<\/span>\n        <span class=\"year\">2025<\/span>\n      <\/div>\n      <div class=\"body\">\n        <h2 class=\"title\">Participa\u00e7\u00e3o no 75.\u00ba Anivers\u00e1rio do Jornal Linhas D\u2019Elvas<\/h2>\n        <p class=\"meta\">Hotel S\u00e3o Jo\u00e3o de Deus, Elvas.<\/p>\n        <div class=\"actions\"><a class=\"btn-gold\" href=\"\/cphce\/\">\ud83c\udfb5 CPHCE<\/a><\/div>\n      <\/div>\n      <span class=\"badge\">CPHCE<\/span>\n    <\/article>\n\n    <!-- Elvas Iluminada \u2014 Arkus Juvenil -->\n    <article class=\"event tag-cphce\" aria-label=\"Elvas Iluminada \u2014 13 setembro 2025\">\n      <div class=\"date\">\n        <span class=\"day\">13<\/span>\n        <span class=\"mon\">Set<\/span>\n        <span class=\"year\">2025<\/span>\n      <\/div>\n      <div class=\"body\">\n        <h2 class=\"title\">Participa\u00e7\u00e3o no evento organizado pela Arkus Juvenil de Elvas no \u201cElvas Iluminada\u201d<\/h2>\n        <p class=\"meta\">Igreja de Nossa Senhora de Alc\u00e1\u00e7ova, Elvas.<\/p>\n        <div class=\"actions\"><a class=\"btn-gold\" href=\"\/cphce\/\">\ud83c\udfb5 CPHCE<\/a><\/div>\n      <\/div>\n      <span class=\"badge\">CPHCE<\/span>\n    <\/article>\n\n    <!-- Festas do Senhor Jesus da Piedade \/ S. Mateus -->\n    <article class=\"event tag-cphce\" aria-label=\"Festas do Senhor Jesus da Piedade\">\n      <div class=\"date\">\n        <span class=\"day\">20\u201328<\/span>\n        <span class=\"mon\">Set<\/span>\n        <span class=\"year\">2025<\/span>\n      <\/div>\n      <div class=\"body\">\n        <h2 class=\"title\">Festas em honra do Senhor Jesus da Piedade \u2014 durante o S. Mateus<\/h2>\n        <div class=\"actions\"><a class=\"btn-gold\" href=\"\/cphce\/\">\ud83c\udfb5 CPHCE<\/a><\/div>\n      <\/div>\n      <span class=\"badge\">CPHCE<\/span>\n    <\/article>\n\n    <!-- ECNE 2025 \u2014 I Encontro Coral | Natal de Elvas -->\n    <article class=\"event tag-cphce\" aria-label=\"ECNE 2025 \u2014 I Encontro Coral | Natal de Elvas\">\n      <div class=\"date\">\n        <span class=\"day\">13<\/span>\n        <span class=\"mon\">Dez<\/span>\n        <span class=\"year\">2025<\/span>\n      <\/div>\n      <div class=\"body\">\n        <h2 class=\"title\">I Encontro Coral | Natal de Elvas \ud83c\udfb5\ud83c\udfb6\u2728 (ECNE 2025)<\/h2>\n        <p class=\"meta\"><strong>Hora:<\/strong> 18h00 \u2022 <strong>Local:<\/strong> Antiga S\u00e9 de Elvas<\/p>\n        <p class=\"desc\"><strong>Coro convidado:<\/strong> SFUA Pinhal Novo \u2014 Coro e Orquestra.<\/p>\n        <div class=\"actions\"><a class=\"btn-gold\" href=\"\/cphce\/\">\ud83c\udfb5 CPHCE<\/a><\/div>\n      <\/div>\n      <span class=\"badge\">CPHCE<\/span>\n    <\/article>\n\n    <!-- Atua\u00e7\u00e3o \u2014 Hospital de Santa Luzia -->\n    <article class=\"event tag-cphce\" aria-label=\"Atua\u00e7\u00e3o de Natal \u2014 Hospital de Santa Luzia\">\n      <div class=\"date\">\n        <span class=\"day\">17<\/span>\n        <span class=\"mon\">Dez<\/span>\n        <span class=\"year\">2025<\/span>\n      <\/div>\n      <div class=\"body\">\n        <h2 class=\"title\">Atua\u00e7\u00e3o de Natal \u2014 Hospital de Santa Luzia<\/h2>\n        <p class=\"meta\"><strong>Hora:<\/strong> 15h00 \u2022 <strong>Local:<\/strong> Hospital de Santa Luzia, Elvas<\/p>\n        <div class=\"actions\"><a class=\"btn-gold\" href=\"\/cphce\/\">\ud83c\udfb5 CPHCE<\/a><\/div>\n      <\/div>\n      <span class=\"badge\">CPHCE<\/span>\n    <\/article>\n\n    <!-- Atua\u00e7\u00e3o \u2014 Cruz Vermelha -->\n    <article class=\"event tag-cphce\" aria-label=\"Atua\u00e7\u00e3o de Natal \u2014 Cruz Vermelha\">\n      <div class=\"date\">\n        <span class=\"day\">18<\/span>\n        <span class=\"mon\">Dez<\/span>\n        <span class=\"year\">2025<\/span>\n      <\/div>\n      <div class=\"body\">\n        <h2 class=\"title\">Atua\u00e7\u00e3o de Natal \u2014 Cruz Vermelha, Elvas<\/h2>\n        <p class=\"meta\"><strong>Hora:<\/strong> 15h00 \u2022 <strong>Local:<\/strong> Delega\u00e7\u00e3o da Cruz Vermelha, Elvas<\/p>\n        <div class=\"actions\"><a class=\"btn-gold\" href=\"\/cphce\/\">\ud83c\udfb5 CPHCE<\/a><\/div>\n      <\/div>\n      <span class=\"badge\">CPHCE<\/span>\n    <\/article>\n\n    <!-- Concerto \u2014 Entre Vozes e Instrumentos -->\n    <article class=\"event tag-cphce\" aria-label=\"Concerto de Natal \u2014 Entre Vozes e Instrumentos\">\n      <div class=\"date\">\n        <span class=\"day\">21<\/span>\n        <span class=\"mon\">Dez<\/span>\n        <span class=\"year\">2025<\/span>\n      <\/div>\n      <div class=\"body\">\n        <h2 class=\"title\">Concerto Natal \/\/ Entre Vozes e Instrumentos<\/h2>\n        <p class=\"meta\"><strong>Hora:<\/strong> 16h30 \u2022 <strong>Local:<\/strong> Antiga S\u00e9 de Elvas<\/p>\n        <div class=\"actions\"><a class=\"btn-gold\" href=\"\/cphce\/\">\ud83c\udfb5 CPHCE<\/a><\/div>\n      <\/div>\n      <span class=\"badge\">CPHCE<\/span>\n    <\/article>\n\n    <!-- Campanha Solid\u00e1ria 2024 (refer\u00eancia hist\u00f3rica) -->\n    <article class=\"event tag-solidariedade\" aria-label=\"Campanha Solid\u00e1ria 2024\">\n      <div class=\"date\">\n        <span class=\"day\">2\u20136<\/span>\n        <span class=\"mon\">Dez<\/span>\n        <span class=\"year\">2024<\/span>\n      <\/div>\n      <div class=\"body\">\n        <h2 class=\"title\">Campanha Solid\u00e1ria \u2014 N\u00e3o Deixes para Amanh\u00e3, Quem Podes Salvar <span class=\"red\">Hoje!<\/span><\/h2>\n        <div class=\"actions\">\n          <a class=\"btn-gold\" href=\"\/solidariedade\/\">\u2139\ufe0f Info<\/a>\n          <a class=\"btn-gold\" href=\"https:\/\/www.facebook.com\/share\/v\/16igdvF1Y7\/\" target=\"_blank\" rel=\"noopener\">\ud83d\udd17 Facebook<\/a>\n          <a class=\"btn-gold\" href=\"https:\/\/www.instagram.com\/p\/DDWpL7CuTKJ\/\" target=\"_blank\" rel=\"noopener\">\ud83d\udcf8 Instagram<\/a>\n        <\/div>\n      <\/div>\n      <span class=\"badge\">Solidariedade<\/span>\n    <\/article>\n\n  <\/section>\n<\/div>\n\n<style>\n\/* ===== Agenda: estilos scoped ===== *\/\n#agenda{ --brand:#BFA24A; --text:#000; --muted:#555; --card:#fff; }\n#agenda *{ box-sizing:border-box }\n\n\/* Cabe\u00e7alho *\/\n.agenda-head{ text-align:center; border-top:3px solid var(--brand); padding-top:1rem; margin-bottom:.5rem; }\n.agenda-head h1{ margin:.2rem 0 0; font-size:clamp(1.6rem,3.2vw,2.1rem); font-weight:900; color:var(--text); }\n.agenda-head .sub{ margin:.25rem 0 0; color:var(--muted); font-weight:600; font-size:1.05rem; }\n.agenda-head .sub::after{ content:\"\"; display:block; width:60px; height:3px; background:var(--brand); margin:.55rem auto 0; border-radius:2px; }\n\n\/* Tabs *\/\n.agenda-tabs{ display:flex; gap:.5rem; justify-content:center; margin:1rem 0 .6rem; flex-wrap:wrap; }\n.agenda-tabs .tab{ padding:.55rem 1rem; border-radius:999px; background:#e6d9b6; border:1px solid #e6d9b6; color:#000; font-weight:800; cursor:pointer; transition:.2s; }\n.agenda-tabs .tab:hover, .agenda-tabs .tab:focus-visible{ background:#bfa24a; color:#fff; border-color:#bfa24a; }\n.agenda-tabs .tab.active{ background:#bfa24a; color:#fff; border-color:#bfa24a; }\n\n\/* Filtros *\/\n.agenda-filters{ display:flex; gap:.4rem; justify-content:center; flex-wrap:wrap; margin:.2rem auto 1rem; }\n.agenda-filters .chip{ padding:.4rem .8rem; border-radius:999px; border:1px solid #ddd; background:#fff; color:#000; cursor:pointer; transition:.2s; }\n.agenda-filters .chip:hover{ background:#f6f6f6; }\n.agenda-filters .chip.active{ border-color:#bfa24a; background:#fffaf0; }\n\n\/* Listas *\/\n.agenda-list{ display:none; max-width:1000px; margin:0 auto; padding:0 8px; }\n.agenda-list.active{ display:block; }\n\n\/* Cart\u00f5es *\/\n.event{ position:relative; display:grid; grid-template-columns:110px 1fr; gap:16px; background:#fff; border:1px solid #eee; border-radius:16px; box-shadow:0 6px 18px rgba(0,0,0,.06); padding:16px; margin:12px 0; }\n.event .badge{ position:absolute; top:12px; right:12px; background:#e6d9b6; color:#000; border-radius:999px; padding:.2rem .6rem; font-weight:800; font-size:.8rem; }\n.event .date{ display:flex; flex-direction:column; align-items:center; justify-content:center; border-right:1px dashed #eee; padding-right:10px; min-height:88px; }\n.event .date .day{ font-size:1.25rem; font-weight:900; line-height:1; text-align:center; }\n.event .date .mon{ font-size:.95rem; font-weight:800; text-transform:uppercase; letter-spacing:.02em; opacity:.9; text-align:center; }\n.event .date .year{ font-size:.8rem; opacity:.8; text-align:center; }\n.event .body .title{ margin:.2rem 0 .2rem; font-size:1.1rem; }\n.event .meta{ margin:.15rem 0 .35rem; color:#444; }\n.event .desc{ margin:0 0 .5rem; color:#222; }\n\n\/* Bot\u00f5es (bege \u2192 dourado, preto \u2192 branco) *\/\n.actions{ display:flex; gap:.5rem; flex-wrap:wrap; }\n.btn-gold, .btn-gold:link, .btn-gold:visited{ padding:.55rem 1rem; border-radius:999px; background:#e6d9b6; border:1px solid #e6d9b6; color:#000 !important; font-weight:800; text-decoration:none !important; transition:.2s; }\n.btn-gold:hover, .btn-gold:focus-visible{ background:#bfa24a; border-color:#bfa24a; color:#fff !important; }\n\n\/* Extra *\/\n.red{ color:#d11; font-weight:900; }\n\n\/* Responsivo *\/\n@media (max-width:720px){\n  .event{ grid-template-columns:1fr; }\n  .event .date{ flex-direction:row; gap:10px; justify-content:flex-start; border-right:0; border-bottom:1px dashed #eee; padding:0 0 10px 0; }\n}\n<\/style>\n\n<script>\n(function(){\n  \/\/ Tabs\n  const tabs = document.querySelectorAll('#agenda .agenda-tabs .tab');\n  const panels = document.querySelectorAll('#agenda .agenda-list');\n  tabs.forEach(t=>{\n    t.addEventListener('click', ()=>{\n      tabs.forEach(b=>{ b.classList.remove('active'); b.setAttribute('aria-selected','false'); });\n      t.classList.add('active'); t.setAttribute('aria-selected','true');\n      const id = t.dataset.tab;\n      panels.forEach(p=> p.classList.toggle('active', p.dataset.tabpanel === id));\n    });\n  });\n\n  \/\/ Filtros\n  const chips = document.querySelectorAll('#agenda .agenda-filters .chip');\n  const events = document.querySelectorAll('#agenda .event');\n  chips.forEach(c=>{\n    c.addEventListener('click', ()=>{\n      chips.forEach(x=>x.classList.remove('active'));\n      c.classList.add('active');\n      const f = c.dataset.filter;\n      events.forEach(ev=>{\n        if(f==='all'){ ev.style.display='grid'; return; }\n        const match = ev.classList.contains('tag-'+f);\n        ev.style.display = match ? 'grid' : 'none';\n      });\n    });\n  });\n})();\n<\/script>\n\n\n\n<p><\/p>\n","protected":false},"excerpt":{"rendered":"<p>Agenda Concertos, workshops e iniciativas da ACPHCE Pr\u00f3ximos Passados (2025) Todos CICME WORKINTECVOX FICE CPHCE ACPHCE Solidariedade 6 Mar 2026 Participa\u00e7\u00e3o do Coral no evento do Coletivo Art\u00edstico 7350 Hora: 21h30 \u2022 Local: Hotel S\u00e3o Jo\u00e3o de Deus, Elvas \ud83c\udfb5 CPHCE CPHCE 1 Abr 2026 CICME Popular \u2014 Vertente Amadora Data: 1 de abril \u2022 [&hellip;]<\/p>\n","protected":false},"author":1,"featured_media":0,"parent":0,"menu_order":0,"comment_status":"closed","ping_status":"closed","template":"","meta":{"iawp_total_views":32,"footnotes":""},"class_list":["post-229","page","type-page","status-publish","hentry"],"blocksy_meta":[],"yoast_head":"<!-- This site is optimized with the Yoast SEO plugin v27.5 - https:\/\/yoast.com\/product\/yoast-seo-wordpress\/ -->\n<title>AGENDA - Associa\u00e7\u00e3o Cultural P\u00fablia Hort\u00eansia de Castro de Elvas<\/title>\n<meta name=\"robots\" content=\"index, follow, max-snippet:-1, max-image-preview:large, max-video-preview:-1\" \/>\n<link rel=\"canonical\" href=\"https:\/\/acphcelvas.com\/index.php\/agenda\/\" \/>\n<meta property=\"og:locale\" content=\"pt_PT\" \/>\n<meta property=\"og:type\" content=\"article\" \/>\n<meta property=\"og:title\" content=\"AGENDA - Associa\u00e7\u00e3o Cultural P\u00fablia Hort\u00eansia de Castro de Elvas\" \/>\n<meta property=\"og:description\" content=\"Agenda Concertos, workshops e iniciativas da ACPHCE Pr\u00f3ximos Passados (2025) Todos CICME WORKINTECVOX FICE CPHCE ACPHCE Solidariedade 6 Mar 2026 Participa\u00e7\u00e3o do Coral no evento do Coletivo Art\u00edstico 7350 Hora: 21h30 \u2022 Local: Hotel S\u00e3o Jo\u00e3o de Deus, Elvas \ud83c\udfb5 CPHCE CPHCE 1 Abr 2026 CICME Popular \u2014 Vertente Amadora Data: 1 de abril \u2022 [&hellip;]\" \/>\n<meta property=\"og:url\" content=\"https:\/\/acphcelvas.com\/index.php\/agenda\/\" \/>\n<meta property=\"og:site_name\" content=\"Associa\u00e7\u00e3o Cultural P\u00fablia Hort\u00eansia de Castro de Elvas\" \/>\n<meta property=\"article:modified_time\" content=\"2026-02-28T19:01:23+00:00\" \/>\n<meta name=\"twitter:card\" content=\"summary_large_image\" \/>\n<meta name=\"twitter:label1\" content=\"Tempo estimado de leitura\" \/>\n\t<meta name=\"twitter:data1\" content=\"5 minutos\" \/>\n<script type=\"application\/ld+json\" class=\"yoast-schema-graph\">{\"@context\":\"https:\\\/\\\/schema.org\",\"@graph\":[{\"@type\":\"WebPage\",\"@id\":\"https:\\\/\\\/acphcelvas.com\\\/index.php\\\/agenda\\\/\",\"url\":\"https:\\\/\\\/acphcelvas.com\\\/index.php\\\/agenda\\\/\",\"name\":\"AGENDA - Associa\u00e7\u00e3o Cultural P\u00fablia Hort\u00eansia de Castro de Elvas\",\"isPartOf\":{\"@id\":\"https:\\\/\\\/acphcelvas.com\\\/#website\"},\"datePublished\":\"2025-10-01T03:07:06+00:00\",\"dateModified\":\"2026-02-28T19:01:23+00:00\",\"breadcrumb\":{\"@id\":\"https:\\\/\\\/acphcelvas.com\\\/index.php\\\/agenda\\\/#breadcrumb\"},\"inLanguage\":\"pt-PT\",\"potentialAction\":[{\"@type\":\"ReadAction\",\"target\":[\"https:\\\/\\\/acphcelvas.com\\\/index.php\\\/agenda\\\/\"]}]},{\"@type\":\"BreadcrumbList\",\"@id\":\"https:\\\/\\\/acphcelvas.com\\\/index.php\\\/agenda\\\/#breadcrumb\",\"itemListElement\":[{\"@type\":\"ListItem\",\"position\":1,\"name\":\"In\u00edcio\",\"item\":\"https:\\\/\\\/acphcelvas.com\\\/\"},{\"@type\":\"ListItem\",\"position\":2,\"name\":\"AGENDA\"}]},{\"@type\":\"WebSite\",\"@id\":\"https:\\\/\\\/acphcelvas.com\\\/#website\",\"url\":\"https:\\\/\\\/acphcelvas.com\\\/\",\"name\":\"Associa\u00e7\u00e3o Cultural P\u00fablia Hort\u00eansia de Castro de Elvas\",\"description\":\"\",\"publisher\":{\"@id\":\"https:\\\/\\\/acphcelvas.com\\\/#organization\"},\"potentialAction\":[{\"@type\":\"SearchAction\",\"target\":{\"@type\":\"EntryPoint\",\"urlTemplate\":\"https:\\\/\\\/acphcelvas.com\\\/?s={search_term_string}\"},\"query-input\":{\"@type\":\"PropertyValueSpecification\",\"valueRequired\":true,\"valueName\":\"search_term_string\"}}],\"inLanguage\":\"pt-PT\"},{\"@type\":\"Organization\",\"@id\":\"https:\\\/\\\/acphcelvas.com\\\/#organization\",\"name\":\"Associa\u00e7\u00e3o Cultural P\u00fablia Hort\u00eansia de Castro de Elvas\",\"url\":\"https:\\\/\\\/acphcelvas.com\\\/\",\"logo\":{\"@type\":\"ImageObject\",\"inLanguage\":\"pt-PT\",\"@id\":\"https:\\\/\\\/acphcelvas.com\\\/#\\\/schema\\\/logo\\\/image\\\/\",\"url\":\"https:\\\/\\\/acphcelvas.com\\\/wp-content\\\/uploads\\\/2025\\\/08\\\/cropped-logo-associacao-cphc-01-scaled-1.png\",\"contentUrl\":\"https:\\\/\\\/acphcelvas.com\\\/wp-content\\\/uploads\\\/2025\\\/08\\\/cropped-logo-associacao-cphc-01-scaled-1.png\",\"width\":512,\"height\":512,\"caption\":\"Associa\u00e7\u00e3o Cultural P\u00fablia Hort\u00eansia de Castro de Elvas\"},\"image\":{\"@id\":\"https:\\\/\\\/acphcelvas.com\\\/#\\\/schema\\\/logo\\\/image\\\/\"}}]}<\/script>\n<!-- \/ Yoast SEO plugin. -->","yoast_head_json":{"title":"AGENDA - Associa\u00e7\u00e3o Cultural P\u00fablia Hort\u00eansia de Castro de Elvas","robots":{"index":"index","follow":"follow","max-snippet":"max-snippet:-1","max-image-preview":"max-image-preview:large","max-video-preview":"max-video-preview:-1"},"canonical":"https:\/\/acphcelvas.com\/index.php\/agenda\/","og_locale":"pt_PT","og_type":"article","og_title":"AGENDA - Associa\u00e7\u00e3o Cultural P\u00fablia Hort\u00eansia de Castro de Elvas","og_description":"Agenda Concertos, workshops e iniciativas da ACPHCE Pr\u00f3ximos Passados (2025) Todos CICME WORKINTECVOX FICE CPHCE ACPHCE Solidariedade 6 Mar 2026 Participa\u00e7\u00e3o do Coral no evento do Coletivo Art\u00edstico 7350 Hora: 21h30 \u2022 Local: Hotel S\u00e3o Jo\u00e3o de Deus, Elvas \ud83c\udfb5 CPHCE CPHCE 1 Abr 2026 CICME Popular \u2014 Vertente Amadora Data: 1 de abril \u2022 [&hellip;]","og_url":"https:\/\/acphcelvas.com\/index.php\/agenda\/","og_site_name":"Associa\u00e7\u00e3o Cultural P\u00fablia Hort\u00eansia de Castro de Elvas","article_modified_time":"2026-02-28T19:01:23+00:00","twitter_card":"summary_large_image","twitter_misc":{"Tempo estimado de leitura":"5 minutos"},"schema":{"@context":"https:\/\/schema.org","@graph":[{"@type":"WebPage","@id":"https:\/\/acphcelvas.com\/index.php\/agenda\/","url":"https:\/\/acphcelvas.com\/index.php\/agenda\/","name":"AGENDA - Associa\u00e7\u00e3o Cultural P\u00fablia Hort\u00eansia de Castro de Elvas","isPartOf":{"@id":"https:\/\/acphcelvas.com\/#website"},"datePublished":"2025-10-01T03:07:06+00:00","dateModified":"2026-02-28T19:01:23+00:00","breadcrumb":{"@id":"https:\/\/acphcelvas.com\/index.php\/agenda\/#breadcrumb"},"inLanguage":"pt-PT","potentialAction":[{"@type":"ReadAction","target":["https:\/\/acphcelvas.com\/index.php\/agenda\/"]}]},{"@type":"BreadcrumbList","@id":"https:\/\/acphcelvas.com\/index.php\/agenda\/#breadcrumb","itemListElement":[{"@type":"ListItem","position":1,"name":"In\u00edcio","item":"https:\/\/acphcelvas.com\/"},{"@type":"ListItem","position":2,"name":"AGENDA"}]},{"@type":"WebSite","@id":"https:\/\/acphcelvas.com\/#website","url":"https:\/\/acphcelvas.com\/","name":"Associa\u00e7\u00e3o Cultural P\u00fablia Hort\u00eansia de Castro de Elvas","description":"","publisher":{"@id":"https:\/\/acphcelvas.com\/#organization"},"potentialAction":[{"@type":"SearchAction","target":{"@type":"EntryPoint","urlTemplate":"https:\/\/acphcelvas.com\/?s={search_term_string}"},"query-input":{"@type":"PropertyValueSpecification","valueRequired":true,"valueName":"search_term_string"}}],"inLanguage":"pt-PT"},{"@type":"Organization","@id":"https:\/\/acphcelvas.com\/#organization","name":"Associa\u00e7\u00e3o Cultural P\u00fablia Hort\u00eansia de Castro de Elvas","url":"https:\/\/acphcelvas.com\/","logo":{"@type":"ImageObject","inLanguage":"pt-PT","@id":"https:\/\/acphcelvas.com\/#\/schema\/logo\/image\/","url":"https:\/\/acphcelvas.com\/wp-content\/uploads\/2025\/08\/cropped-logo-associacao-cphc-01-scaled-1.png","contentUrl":"https:\/\/acphcelvas.com\/wp-content\/uploads\/2025\/08\/cropped-logo-associacao-cphc-01-scaled-1.png","width":512,"height":512,"caption":"Associa\u00e7\u00e3o Cultural P\u00fablia Hort\u00eansia de Castro de Elvas"},"image":{"@id":"https:\/\/acphcelvas.com\/#\/schema\/logo\/image\/"}}]}},"_links":{"self":[{"href":"https:\/\/acphcelvas.com\/index.php\/wp-json\/wp\/v2\/pages\/229","targetHints":{"allow":["GET"]}}],"collection":[{"href":"https:\/\/acphcelvas.com\/index.php\/wp-json\/wp\/v2\/pages"}],"about":[{"href":"https:\/\/acphcelvas.com\/index.php\/wp-json\/wp\/v2\/types\/page"}],"author":[{"embeddable":true,"href":"https:\/\/acphcelvas.com\/index.php\/wp-json\/wp\/v2\/users\/1"}],"replies":[{"embeddable":true,"href":"https:\/\/acphcelvas.com\/index.php\/wp-json\/wp\/v2\/comments?post=229"}],"version-history":[{"count":6,"href":"https:\/\/acphcelvas.com\/index.php\/wp-json\/wp\/v2\/pages\/229\/revisions"}],"predecessor-version":[{"id":489,"href":"https:\/\/acphcelvas.com\/index.php\/wp-json\/wp\/v2\/pages\/229\/revisions\/489"}],"wp:attachment":[{"href":"https:\/\/acphcelvas.com\/index.php\/wp-json\/wp\/v2\/media?parent=229"}],"curies":[{"name":"wp","href":"https:\/\/api.w.org\/{rel}","templated":true}]}}